{"id":32,"date":"2025-10-10T18:46:24","date_gmt":"2025-10-10T16:46:24","guid":{"rendered":"https:\/\/www.grosskuechen-zeiger.de\/?page_id=32"},"modified":"2025-10-28T19:43:27","modified_gmt":"2025-10-28T18:43:27","slug":"startseite","status":"publish","type":"page","link":"https:\/\/www.grosskuechen-zeiger.de\/en\/","title":{"rendered":"Home"},"content":{"rendered":"<div class=\"wp-block-group alignfull has-global-padding is-layout-constrained wp-container-core-group-is-layout-566af0e2 wp-block-group-is-layout-constrained\" style=\"padding-top:var(--wp--preset--spacing--40);padding-right:var(--wp--preset--spacing--50);padding-bottom:var(--wp--preset--spacing--40);padding-left:var(--wp--preset--spacing--50)\">\n<div class=\"wp-block-group has-global-padding is-layout-constrained wp-container-core-group-is-layout-f750054b wp-block-group-is-layout-constrained\">\n<h1 class=\"wp-block-heading has-text-align-center has-base-2-color has-text-color has-link-color has-xx-large-font-size wp-elements-8ac205b5e13cbfcb96eebdac470d8683\">Zeiger commercial kitchen equipment<\/h1>\n\n\n\n<div style=\"height:1.25rem\" aria-hidden=\"true\" class=\"wp-block-spacer\"><\/div>\n\n\n\n<p class=\"has-text-align-center has-base-2-color has-text-color has-link-color has-large-font-size wp-elements-2b1844fc1e7c070d15abb6d9d087fe68\">Seit 1983 richten wir Gro\u00dfk\u00fcchen ein \u2013 mit Leidenschaft, Fachwissen und dem Anspruch, f\u00fcr unsere Kunden die bestm\u00f6gliche L\u00f6sung zu schaffen. <\/p>\n\n\n\n<div style=\"height:1.25rem\" aria-hidden=\"true\" class=\"wp-block-spacer\"><\/div>\n\n\n\n<div style=\"height:var(--wp--preset--spacing--30)\" aria-hidden=\"true\" class=\"wp-block-spacer\"><\/div>\n<\/div>\n\n\n\n<figure class=\"wp-block-image alignwide size-full is-style-rounded is-style-rounded--1\"><img loading=\"lazy\" decoding=\"async\" width=\"1500\" height=\"844\" src=\"https:\/\/www.grosskuechen-zeiger.de\/wp-content\/uploads\/2025\/10\/20170125_165323.jpg\" alt=\"\" class=\"wp-image-82\" srcset=\"https:\/\/www.grosskuechen-zeiger.de\/wp-content\/uploads\/2025\/10\/20170125_165323.jpg 1500w, https:\/\/www.grosskuechen-zeiger.de\/wp-content\/uploads\/2025\/10\/20170125_165323-300x169.jpg 300w, https:\/\/www.grosskuechen-zeiger.de\/wp-content\/uploads\/2025\/10\/20170125_165323-1024x576.jpg 1024w, https:\/\/www.grosskuechen-zeiger.de\/wp-content\/uploads\/2025\/10\/20170125_165323-768x432.jpg 768w\" sizes=\"auto, (max-width: 1500px) 100vw, 1500px\" \/><\/figure>\n<\/div>\n\n\n\n<div class=\"wp-block-group alignfull has-base-2-background-color has-background has-global-padding is-layout-constrained wp-container-core-group-is-layout-f6cc5ae6 wp-block-group-is-layout-constrained\" style=\"margin-top:0;margin-bottom:0;padding-top:var(--wp--preset--spacing--30);padding-right:var(--wp--preset--spacing--50);padding-bottom:var(--wp--preset--spacing--30);padding-left:var(--wp--preset--spacing--50)\">\n<h2 class=\"wp-block-heading\">Das sind wir<\/h2>\n\n\n\n<p>Als erfahrenes Unternehmen sind wir \u00fcberwiegend in Unterfranken, Osthessen und Th\u00fcringen t\u00e4tig, betreuen aber auch \u00fcberregionale Projekte in ganz Deutschland. \u00dcber viele Jahre hinweg durften wir zahlreiche etablierte Gastst\u00e4tten und Gastronomiebetriebe ausstatten und betreuen. Durch den Wandel in der Branche und das zunehmende Gastst\u00e4ttensterben hat sich unser Fokus in den letzten Jahren jedoch erweitert:<br>Heute gewinnen Schul- und Kitaverpflegung sowie Gemeinschaftsverpflegung immer mehr an Bedeutung. Mit unserer Erfahrung unterst\u00fctzen wir auch \u00f6ffentliche und soziale Einrichtungen bei der Planung und Ausstattung moderner, effizienter K\u00fcchenkonzepte.<\/p>\n<\/div>\n\n\n\n<div class=\"wp-block-group alignfull has-base-2-background-color has-background has-global-padding is-layout-constrained wp-container-core-group-is-layout-f6cc5ae6 wp-block-group-is-layout-constrained\" style=\"margin-top:0;margin-bottom:0;padding-top:var(--wp--preset--spacing--30);padding-right:var(--wp--preset--spacing--50);padding-bottom:var(--wp--preset--spacing--30);padding-left:var(--wp--preset--spacing--50)\">\n<h2 class=\"wp-block-heading has-contrast-color has-text-color has-link-color wp-elements-82fd1fede034e8d6ed7703c1b261339e\">Schul- und Kitaverpflegung<\/h2>\n\n\n\n<p class=\"has-contrast-color has-text-color has-link-color wp-elements-848e6890b50bb070220cb0468a385073\">Die Anforderungen an K\u00fcchen in Schulen und Kindertagesst\u00e4tten sind hoch \u2013 von strengen Hygienestandards bis hin zu wirtschaftlichen und nachhaltigen L\u00f6sungen. Wir planen und realisieren K\u00fcchen, die speziell auf die Bed\u00fcrfnisse von Bildungseinrichtungen abgestimmt sind: funktional, energieeffizient und langlebig. Dabei achten wir auf kurze Wege, sichere<br>Arbeitsbedingungen und eine Ausstattung, die dem t\u00e4glichen Betrieb standh\u00e4lt. Ob Neubau, Umbau oder Modernisierung \u2013 wir sorgen daf\u00fcr, dass Kinder und Jugendliche t\u00e4glich frisch, gesund und zuverl\u00e4ssig versorgt werden.<\/p>\n<\/div>\n\n\n\n<div class=\"wp-block-group alignfull has-base-2-background-color has-background has-global-padding is-layout-constrained wp-container-core-group-is-layout-f6cc5ae6 wp-block-group-is-layout-constrained\" style=\"margin-top:0;margin-bottom:0;padding-top:var(--wp--preset--spacing--30);padding-right:var(--wp--preset--spacing--50);padding-bottom:var(--wp--preset--spacing--30);padding-left:var(--wp--preset--spacing--50)\">\n<h2 class=\"wp-block-heading has-contrast-color has-text-color has-link-color wp-elements-7877075911aa1649c82a76289ba73379\">Planning<\/h2>\n\n\n\n<p class=\"has-contrast-color has-text-color has-link-color wp-elements-0cd4c1b7ca38feeeeb8d5eea3499e988\">Eine gut geplante K\u00fcche ist die Grundlage f\u00fcr reibungslose Abl\u00e4ufe. Wir begleiten Sie von der ersten Idee bis zur fertigen Umsetzung \u2013 individuell, praxisnah und mit modernster Planungstechnik. Dabei ber\u00fccksichtigen wir Ihre r\u00e4umlichen Gegebenheiten, Arbeitsabl\u00e4ufe und hygienischen Anforderungen. Ob Gastronomiebetrieb, Schulmensa oder Gro\u00dfk\u00fcche f\u00fcr<br>Gemeinschaftsverpflegung \u2013 mit pr\u00e4zisen CAD-Visualisierungen und unserer langj\u00e4hrigen Erfahrung schaffen wir Planungssicherheit und garantieren Ergebnisse, die im Alltag \u00fcberzeugen.<\/p>\n<\/div>\n\n\n\n<div class=\"wp-block-group alignfull has-base-2-background-color has-background has-global-padding is-layout-constrained wp-container-core-group-is-layout-f6cc5ae6 wp-block-group-is-layout-constrained\" style=\"margin-top:0;margin-bottom:0;padding-top:var(--wp--preset--spacing--30);padding-right:var(--wp--preset--spacing--50);padding-bottom:var(--wp--preset--spacing--30);padding-left:var(--wp--preset--spacing--50)\">\n<h2 class=\"wp-block-heading has-contrast-color has-text-color has-link-color wp-elements-4db9fc874b75abda933a22f6bfb1724e\">Catering supplies<\/h2>\n\n\n\n<p class=\"has-contrast-color has-text-color has-link-color wp-elements-867e75d36371e62129dbe61da2133c2b\">Alles aus einer Hand \u2013 vom Kochl\u00f6ffel bis zur Sp\u00fclmaschine. Unser umfangreiches Sortiment an Gastronomiebedarf umfasst hochwertige Ger\u00e4te, K\u00fcchenausstattung und Zubeh\u00f6r f\u00fchrender Hersteller. Wir legen Wert auf Qualit\u00e4t, Energieeffizienz und Zuverl\u00e4ssigkeit \u2013 damit Sie sich auf das Wesentliche konzentrieren k\u00f6nnen: das Kochen und Versorgen. Egal ob f\u00fcr die klassische Gastronomie, die Gemeinschaftsverpflegung oder Bildungseinrichtungen \u2013 wir beraten Sie pers\u00f6nlich und liefern genau das, was Sie brauchen.<\/p>\n<\/div>\n\n\n\n<div class=\"wp-block-group alignfull has-base-2-background-color has-background has-global-padding is-layout-constrained wp-container-core-group-is-layout-f6cc5ae6 wp-block-group-is-layout-constrained\" style=\"margin-top:0;margin-bottom:0;padding-top:var(--wp--preset--spacing--30);padding-right:var(--wp--preset--spacing--50);padding-bottom:var(--wp--preset--spacing--30);padding-left:var(--wp--preset--spacing--50)\">\n<h2 class=\"wp-block-heading\">Einrichtung<\/h2>\n\n\n\n<p>Wenn Planung und Bedarf feststehen, sorgen wir f\u00fcr die fachgerechte Umsetzung. Unsere erfahrenen Monteure \u00fcbernehmen die komplette Einrichtung Ihrer Gro\u00dfk\u00fcche \u2013 inklusive Lieferung, Installation und Inbetriebnahme aller Ger\u00e4te. Dabei achten wir auf eine funktionale Raumaufteilung, kurze Arbeitswege und eine ergonomische Gestaltung. So entsteht eine K\u00fcche, die perfekt auf Ihre Abl\u00e4ufe abgestimmt ist \u2013 modern, effizient und langlebig.<\/p>\n<\/div>\n\n\n\n<div class=\"wp-block-group alignfull has-global-padding is-layout-constrained wp-container-core-group-is-layout-d89aad35 wp-block-group-is-layout-constrained\" style=\"margin-top:0;margin-bottom:0;padding-top:var(--wp--preset--spacing--50);padding-right:var(--wp--preset--spacing--50);padding-bottom:var(--wp--preset--spacing--50);padding-left:var(--wp--preset--spacing--50)\">\n<div class=\"wp-block-group alignwide has-base-2-background-color has-background has-global-padding is-layout-constrained wp-container-core-group-is-layout-39412042 wp-block-group-is-layout-constrained\" style=\"border-radius:16px;padding-top:var(--wp--preset--spacing--40);padding-right:var(--wp--preset--spacing--50);padding-bottom:var(--wp--preset--spacing--40);padding-left:var(--wp--preset--spacing--50)\">\n<div style=\"height:var(--wp--preset--spacing--10)\" aria-hidden=\"true\" class=\"wp-block-spacer\"><\/div>\n\n\n\n<h2 class=\"wp-block-heading has-text-align-center has-x-large-font-size\">How to contact us<\/h2>\n\n\n\n<div class=\"wp-block-buttons is-content-justification-center is-layout-flex wp-container-core-buttons-is-layout-a89b3969 wp-block-buttons-is-layout-flex\">\n<div class=\"wp-block-button\"><a class=\"wp-block-button__link has-background wp-element-button\" href=\"https:\/\/www.grosskuechen-zeiger.de\/en\/kontakt\/\" style=\"background-color:#c8001c\">Contact<\/a><\/div>\n<\/div>\n\n\n\n<div style=\"height:var(--wp--preset--spacing--10)\" aria-hidden=\"true\" class=\"wp-block-spacer\"><\/div>\n<\/div>\n<\/div>","protected":false},"excerpt":{"rendered":"<p>Zeiger Gro\u00dfk\u00fccheneinrichtungen Seit 1983 richten wir Gro\u00dfk\u00fcchen ein \u2013 mit Leidenschaft, Fachwissen und dem Anspruch, f\u00fcr unsere Kunden die bestm\u00f6gliche L\u00f6sung zu schaffen. Das sind wir Als erfahrenes Unternehmen sind wir \u00fcberwiegend in Unterfranken, Osthessen und Th\u00fcringen t\u00e4tig, betreuen aber auch \u00fcberregionale Projekte in ganz Deutschland. \u00dcber viele Jahre hinweg durften wir zahlreiche etablierte Gastst\u00e4tten [&hellip;]<\/p>\n","protected":false},"author":1,"featured_media":0,"parent":0,"menu_order":0,"comment_status":"closed","ping_status":"closed","template":"","meta":{"footnotes":""},"class_list":["post-32","page","type-page","status-publish","hentry"],"_links":{"self":[{"href":"https:\/\/www.grosskuechen-zeiger.de\/en\/wp-json\/wp\/v2\/pages\/32","targetHints":{"allow":["GET"]}}],"collection":[{"href":"https:\/\/www.grosskuechen-zeiger.de\/en\/wp-json\/wp\/v2\/pages"}],"about":[{"href":"https:\/\/www.grosskuechen-zeiger.de\/en\/wp-json\/wp\/v2\/types\/page"}],"author":[{"embeddable":true,"href":"https:\/\/www.grosskuechen-zeiger.de\/en\/wp-json\/wp\/v2\/users\/1"}],"replies":[{"embeddable":true,"href":"https:\/\/www.grosskuechen-zeiger.de\/en\/wp-json\/wp\/v2\/comments?post=32"}],"version-history":[{"count":23,"href":"https:\/\/www.grosskuechen-zeiger.de\/en\/wp-json\/wp\/v2\/pages\/32\/revisions"}],"predecessor-version":[{"id":169,"href":"https:\/\/www.grosskuechen-zeiger.de\/en\/wp-json\/wp\/v2\/pages\/32\/revisions\/169"}],"wp:attachment":[{"href":"https:\/\/www.grosskuechen-zeiger.de\/en\/wp-json\/wp\/v2\/media?parent=32"}],"curies":[{"name":"wp","href":"https:\/\/api.w.org\/{rel}","templated":true}]}}